{"id":1867,"date":"2025-11-06T17:36:38","date_gmt":"2025-11-06T16:36:38","guid":{"rendered":"https:\/\/www.tsnre.it\/?page_id=1867"},"modified":"2026-08-25T15:14:02","modified_gmt":"2026-08-25T13:14:02","slug":"news","status":"publish","type":"page","link":"https:\/\/www.tsnre.it\/index.php\/news\/","title":{"rendered":"News"},"content":{"rendered":"<!--themify_builder_content-->\n<div id=\"themify_builder_content-1867\" data-postid=\"1867\" class=\"themify_builder_content themify_builder_content-1867 themify_builder tf_clear\">\n    \t\t\t\t<!-- module_row -->\n\t\t<div  data-lazy=\"1\" class=\"module_row themify_builder_row tb_uywe588 tb_first tf_w tf_clearfix\">\n\t\t\t\t\t<div class=\"row_inner col_align_top tb_col_count_1 tf_box tf_rel\">\n\t\t\t\t\t<div  data-lazy=\"1\" class=\"module_column tb-column col-full tb_th9o588 first\">\n\t\t\t\t\t\t\t\t\t<div class=\"tb-column-inner tf_box tf_w\">\n\t\t\t\t<!-- module image -->\n<div  class=\"module module-image tb_zeyx575   image-top tf_mw\" data-lazy=\"1\">\n        <div class=\"image-wrap tf_rel tf_mw\">\n\t\t    <img loading=\"lazy\" decoding=\"async\" src=\"https:\/\/www.tsnre.it\/wp-content\/uploads\/2026\/08\/CENA-SOCIALE-2026-1135x1580.jpeg\" width=\"1135\" height=\"1580\" title=\"News\" alt=\"News\">\t\n\t\t<\/div>\n\t<!-- \/image-wrap -->\n    \n    \t<\/div>\n<!-- \/module image --><!-- module divider -->\n<div  class=\"module tf_mw module-divider tb_pr21982 solid   \" style=\"border-width: 3px;border-color: #800000;\" data-lazy=\"1\">\n    <\/div>\n<!-- \/module divider -->\n<!-- module image -->\n<div  class=\"module module-image tb_tt9s732   image-top tf_mw\" data-lazy=\"1\">\n        <div class=\"image-wrap tf_rel tf_mw\">\n\t\t    <img loading=\"lazy\" decoding=\"async\" src=\"https:\/\/www.tsnre.it\/wp-content\/uploads\/2026\/06\/TSN-1-1135x1580.jpg\" width=\"1135\" height=\"1580\" title=\"News\" alt=\"News\">\t\n\t\t<\/div>\n\t<!-- \/image-wrap -->\n    \n    \t<\/div>\n<!-- \/module image --><!-- module text -->\n<div  class=\"module module-text tb_z95k251   \" data-lazy=\"1\">\n        <div  class=\"tb_text_wrap\">\n    <p style=\"text-align: center;\">Gentili Soci, vi informiamo che, in occasione della dichiarazione dei redditi (modello 730), sar\u00e0 possibile destinare il vostro <strong>5&#215;1000<\/strong> al Tiro a Segno di Reggio Emilia.<br \/>Per effettuare la donazione, sar\u00e0 sufficiente indicare:<br \/><strong>Ragione sociale: Tiro a Segno di Reggio Emilia<\/strong><br \/><strong>Codice fiscale: 80018310351<\/strong><\/p>\n<p style=\"text-align: center;\">Si tratta di un gesto semplice ma di grande valore, che contribuir\u00e0 al sostegno delle attivit\u00e0 e allo sviluppo della nostra associazione.<br \/>Vi ringraziamo fin da ora per il vostro supporto e per la fiducia che continuate a dimostrarci.<\/p>\n<p>\u00a0<\/p>    <\/div>\n<\/div>\n<!-- \/module text --><!-- module divider -->\n<div  class=\"module tf_mw module-divider tb_kmro83 solid   \" style=\"border-width: 3px;border-color: #800000;\" data-lazy=\"1\">\n    <\/div>\n<!-- \/module divider -->\n<!-- module video -->\n<div  class=\"module module-video tb_9tcd71 video-top  \" data-lazy=\"1\">\n    \t\t\t\t<div class=\"video-wrap-outer\">\n\t\t\t<div class=\"video-wrap tf_rel tf_overflow tf_local_video\">\n\t\t\t\t\t\t\t\t\t\t\t\t\t\t<div style=\"width: 640px;\" class=\"wp-video\"><video class=\"wp-video-shortcode\" id=\"video-1867-1\" width=\"640\" height=\"360\" preload=\"metadata\" controls=\"controls\"><source type=\"video\/mp4\" src=\"https:\/\/www.tsnre.it\/wp-content\/uploads\/2026\/06\/WhatsApp-Video-2026-06-27-at-11.20.49-AM.mp4?_=1\" \/><a href=\"https:\/\/www.tsnre.it\/wp-content\/uploads\/2026\/06\/WhatsApp-Video-2026-06-27-at-11.20.49-AM.mp4\">https:\/\/www.tsnre.it\/wp-content\/uploads\/2026\/06\/WhatsApp-Video-2026-06-27-at-11.20.49-AM.mp4<\/a><\/video><\/div>\t\t\t\t\t\t\t\t\t\t\t\t\t<\/div>\n\t\t\t<!-- \/video-wrap -->\n\t\t<\/div>\n\t\t<!-- \/video-wrap-outer -->\n\t\t\t<\/div>\n<!-- module text -->\n<div  class=\"module module-text tb_mdw1187   \" data-lazy=\"1\">\n        <div  class=\"tb_text_wrap\">\n    <h3 style=\"text-align: center;\">Gara TRS 2026 al TSN di Reggio Emilia.<\/h3>\n<p>Un sentito grazie a tutto lo staff che, con impegno, passione e spirito di squadra ha organizzato, montato e gestito questa gara.<br>Il successo di questo evento \u00e8 anche, e soprattutto, merito vostro.<\/p>\n<p>Grazie a tutti i collaboratori del nostro Tiro a Segno: siete il vero cuore del Tiro a Segno di Reggio Emilia.<br>La vostra disponibilit\u00e0, la vostra competenza e la vostra passione rendono possibili eventi come questo e contribuiscono soprattutto a mantenere viva una realt\u00e0 importante per tutti noi.<\/p>\n<p>Un ringraziamento particolare va anche al nostro tiratore Marco Pullia per le bellissime riprese e il tempo che ha dedicato per la realizzazione del video ricordo della gara.<\/p>\n<p>\u00a0<\/p>    <\/div>\n<\/div>\n<!-- \/module text --><!-- module divider -->\n<div  class=\"module tf_mw module-divider tb_1xv2340 solid   \" style=\"border-width: 3px;border-color: #800000;\" data-lazy=\"1\">\n    <\/div>\n<!-- \/module divider -->\n<!-- module image -->\n<div  class=\"module module-image tb_erjo584   image-center tf_mw\" data-lazy=\"1\">\n        <div class=\"image-wrap tf_rel tf_mw\">\n\t\t    <img loading=\"lazy\" decoding=\"async\" src=\"https:\/\/www.tsnre.it\/wp-content\/uploads\/2026\/04\/WhatsApp-Image-2026-03-31-at-18.57.48-1024x768-934x557.jpeg\" width=\"934\" height=\"557\" class=\"wp-post-image wp-image-2180\" title=\"WhatsApp Image 2026-03-31 at 18.57.48\" alt=\"WhatsApp Image 2026-03-31 at 18.57.48\">\t\n\t\t<\/div>\n\t<!-- \/image-wrap -->\n    \n    \t<\/div>\n<!-- \/module image --><!-- module text -->\n<div  class=\"module module-text tb_gsgl133   \" data-lazy=\"1\">\n        <div  class=\"tb_text_wrap\">\n    <p style=\"text-align: center;\">\u00a0<\/p>\n<p style=\"text-align: center;\">Con grande tristezza<strong>\u00a0<\/strong>rivolgiamo<strong>\u00a0<\/strong>un ringraziamento e un saluto ad un collaboratore stimato, un amico sincero ed un padre di famiglia straordinario.<br>Giacomo sei stato una presenza rara.<br>Una di quelle persone che, con discrezione e costanza, lasciano un segno profondo nella vita degli altri. <br>Affidabile, generoso, sempre pronto a tendere una mano senza cercare riconoscimenti. <br>Sapeva ascoltare, comprendere, trovare soluzioni ma soprattutto, sapeva esserci.<br>Per molti di noi \u00e8 stato pi\u00f9 di un collega: \u00e8 stato un punto di riferimento, una persona con cui condividere non solo progetti e responsabilit\u00e0, ma anche momenti di umanit\u00e0 vera, fatta di sorrisi, consigli e silenzi pieni di rispetto.<br>Ma al di l\u00e0 del lavoro, il suo ruolo pi\u00f9 grande \u00e8 stato quello di padre. In questo ha mostrato la sua essenza pi\u00f9 autentica: l&#8217;amore, la dedizione, il senso di responsabilit\u00e0. <br>La sua famiglia era il suo orgoglio, il suo centro, la sua forza.<br>La sua assenza lascia un vuoto difficile da colmare, ma ci\u00f2 che ha donato rimane. Rimane nel modo in cui ci ha insegnato a lavorare insieme, nel valore che ha dato alle relazioni e nell&#8217;esempio che ha offerto ogni giorno, senza clamore.<br>Oggi lo salutiamo con tristezza, ma anche con gratitudine, perch\u00e9 chi ha avuto la fortuna di conoscerlo porta con s\u00e9 qualcosa di lui.<br>E forse \u00e8 proprio questo il modo pi\u00f9 vero per ricordarlo: continuare, ognuno a modo proprio, a vivere quei valori che lui ha incarnato cos\u00ec bene.<br><strong>Grazie, Giacomo. Non ti dimenticheremo.<\/strong><\/p>    <\/div>\n<\/div>\n<!-- \/module text --><!-- module divider -->\n<div  class=\"module tf_mw module-divider tb_kn0v746 solid   \" style=\"border-width: 3px;border-color: #800000;\" data-lazy=\"1\">\n    <\/div>\n<!-- \/module divider -->\n<!-- module text -->\n<div  class=\"module module-text tb_1o8j38   \" data-lazy=\"1\">\n        <div  class=\"tb_text_wrap\">\n    <p>\u00a0<\/p>\n<p>La nostra <span style=\"font-weight: bold;\">Elena Kevlishvili<\/span> debutta sul palcoscenico italiano con una prestazione determinata e che la proietta tra i migliori 20 giovanissimi italiani. Brava Elena!!!<\/p>    <\/div>\n<\/div>\n<!-- \/module text --><!-- module gallery -->\n<div  class=\"module gallery module-gallery tb_dbz5662 layout-grid  \" data-lazy=\"1\">\n    <div class=\"module-gallery-grid gallery-columns-2 tf_clear\">\n\t\t\t<dl class=\"gallery-item\">\n\t\t\t<dt class=\"gallery-icon\">\n\t\t\t<img loading=\"lazy\" decoding=\"async\" src=\"https:\/\/www.tsnre.it\/wp-content\/uploads\/2025\/12\/WhatsApp-Image-2025-12-09-at-4.20.47-PM-1024x1024-400x400.jpeg\" width=\"400\" height=\"400\" class=\"wp-post-image wp-image-2107\" title=\"WhatsApp Image 2025-12-09 at 4.20.47 PM\" alt=\"WhatsApp Image 2025-12-09 at 4.20.47 PM\" srcset=\"https:\/\/www.tsnre.it\/wp-content\/uploads\/2025\/12\/WhatsApp-Image-2025-12-09-at-4.20.47-PM-1024x1024-400x400.jpeg 400w, https:\/\/www.tsnre.it\/wp-content\/uploads\/2025\/12\/WhatsApp-Image-2025-12-09-at-4.20.47-PM-1024x1024-300x300.jpeg 300w, https:\/\/www.tsnre.it\/wp-content\/uploads\/2025\/12\/WhatsApp-Image-2025-12-09-at-4.20.47-PM-1024x1024.jpeg 1024w, https:\/\/www.tsnre.it\/wp-content\/uploads\/2025\/12\/WhatsApp-Image-2025-12-09-at-4.20.47-PM-150x150.jpeg 150w, https:\/\/www.tsnre.it\/wp-content\/uploads\/2025\/12\/WhatsApp-Image-2025-12-09-at-4.20.47-PM-768x768.jpeg 768w, https:\/\/www.tsnre.it\/wp-content\/uploads\/2025\/12\/WhatsApp-Image-2025-12-09-at-4.20.47-PM-1536x1536.jpeg 1536w, https:\/\/www.tsnre.it\/wp-content\/uploads\/2025\/12\/WhatsApp-Image-2025-12-09-at-4.20.47-PM-1024x1024-800x800.jpeg 800w, https:\/\/www.tsnre.it\/wp-content\/uploads\/2025\/12\/WhatsApp-Image-2025-12-09-at-4.20.47-PM.jpeg 1600w\" sizes=\"auto, (max-width: 400px) 100vw, 400px\" \/>\t\t\t<\/dt>\n\t\t\t<dd>\n\t\t\t\t\t\t\t\t\t\t\t<\/dd>\n\t\t<\/dl>\n\t\t\t<dl class=\"gallery-item\">\n\t\t\t<dt class=\"gallery-icon\">\n\t\t\t<img loading=\"lazy\" decoding=\"async\" src=\"https:\/\/www.tsnre.it\/wp-content\/uploads\/2025\/12\/WhatsApp-Image-2025-12-09-at-4.20.47-PM-1-1024x1024-400x400.jpeg\" width=\"400\" height=\"400\" class=\"wp-post-image wp-image-2106\" title=\"WhatsApp Image 2025-12-09 at 4.20.47 PM (1)\" alt=\"WhatsApp Image 2025-12-09 at 4.20.47 PM (1)\" srcset=\"https:\/\/www.tsnre.it\/wp-content\/uploads\/2025\/12\/WhatsApp-Image-2025-12-09-at-4.20.47-PM-1-1024x1024-400x400.jpeg 400w, https:\/\/www.tsnre.it\/wp-content\/uploads\/2025\/12\/WhatsApp-Image-2025-12-09-at-4.20.47-PM-1-1024x1024-300x300.jpeg 300w, https:\/\/www.tsnre.it\/wp-content\/uploads\/2025\/12\/WhatsApp-Image-2025-12-09-at-4.20.47-PM-1-1024x1024.jpeg 1024w, https:\/\/www.tsnre.it\/wp-content\/uploads\/2025\/12\/WhatsApp-Image-2025-12-09-at-4.20.47-PM-1-150x150.jpeg 150w, https:\/\/www.tsnre.it\/wp-content\/uploads\/2025\/12\/WhatsApp-Image-2025-12-09-at-4.20.47-PM-1-768x768.jpeg 768w, https:\/\/www.tsnre.it\/wp-content\/uploads\/2025\/12\/WhatsApp-Image-2025-12-09-at-4.20.47-PM-1-1024x1024-800x800.jpeg 800w, https:\/\/www.tsnre.it\/wp-content\/uploads\/2025\/12\/WhatsApp-Image-2025-12-09-at-4.20.47-PM-1.jpeg 1530w\" sizes=\"auto, (max-width: 400px) 100vw, 400px\" \/>\t\t\t<\/dt>\n\t\t\t<dd>\n\t\t\t\t\t\t\t\t\t\t\t<\/dd>\n\t\t<\/dl>\n\t<\/div>\n<\/div>\n<!-- \/module gallery --><!-- module divider -->\n<div  class=\"module tf_mw module-divider tb_wizr108 solid   \" style=\"border-width: 3px;border-color: #800000;\" data-lazy=\"1\">\n    <\/div>\n<!-- \/module divider -->\n<!-- module text -->\n<div  class=\"module module-text tb_k5pn516   \" data-lazy=\"1\">\n        <div  class=\"tb_text_wrap\">\n    <h4>\u00a0<\/h4>\n<h4 style=\"text-align: center;\">Trofeo delle Regioni &#8211; Roma 2025<\/h4>\n<h5 style=\"text-align: center;\">\u00a0<\/h5>\n<p style=\"text-align: center;\">Per l\u2019Emilia Romagna la nostra Eva Pataridze conquista il secondo posto nella categoria ragazze juniores.<br>Tra gli junior uomini invece il quarto posto di squadra con un\u2019ottima prestazione va al nostro Andrea Flocca.<\/p>\n<p style=\"text-align: center;\">Tra gli allievi di pistola l&#8217;ottavo posto va a Rebecca Patern\u00f2 Castello.<\/p>\n<p style=\"text-align: center;\">Per la categoria &#8220;mixed team&#8221; di pistola e carabina Eva ed Andrea guadagnano il 7\u00b0 posto.\u00a0<\/p>\n<p style=\"text-align: center;\">Complimenti ai nostri ragazzi!<\/p>    <\/div>\n<\/div>\n<!-- \/module text --><!-- module image -->\n<div  class=\"module module-image tb_b1yp816   tf_mw\" data-lazy=\"1\">\n        <div class=\"image-wrap tf_rel tf_mw\">\n\t\t    \t\n\t\t<\/div>\n\t<!-- \/image-wrap -->\n    \n    \t<\/div>\n<!-- \/module image -->\t\t<div  data-lazy=\"1\" class=\"module_subrow themify_builder_sub_row tb_j8k4569 tf_w tf_clearfix\">\n\t\t\t\t\t<div class=\"subrow_inner col_align_top tb_col_count_1 tf_box tf_w\">\n\t\t\t\t\t<div  data-lazy=\"1\" class=\"module_column sub_column col-full tb_xhq8569 first\">\n\t\t\t\t\t\t\t<\/div><!-- .module_column -->\n\t\t\t\t\t\t<\/div><!-- .subrow_inner -->\n\t\t<\/div><!-- .themify_builder_sub_row -->\n\t\t\t\t\t\t<div  data-lazy=\"1\" class=\"module_subrow themify_builder_sub_row tb_7yzb588 tf_w tf_clearfix\">\n\t\t\t\t\t<div class=\"subrow_inner col_align_top tb_col_count_3 tf_box tf_w\">\n\t\t\t\t\t<div  data-lazy=\"1\" class=\"module_column sub_column col3-1 tb_jqmq588 first\">\n\t\t\t\t\t\t\t\t\t<div class=\"tb-column-inner tf_box tf_w\">\n\t\t\t\t<!-- module image -->\n<div  class=\"module module-image tb_g4i4588   image-top tf_mw\" data-lazy=\"1\">\n        <div class=\"image-wrap tf_rel tf_mw\">\n\t\t    <img loading=\"lazy\" decoding=\"async\" width=\"1200\" height=\"1600\" src=\"https:\/\/www.tsnre.it\/wp-content\/uploads\/2025\/11\/WhatsApp-Image-2025-11-09-at-10.27.56-AM-3.jpeg\" class=\"wp-post-image wp-image-2020\" title=\"WhatsApp Image 2025-11-09 at 10.27.56 AM (3)\" alt=\"WhatsApp Image 2025-11-09 at 10.27.56 AM (3)\" srcset=\"https:\/\/www.tsnre.it\/wp-content\/uploads\/2025\/11\/WhatsApp-Image-2025-11-09-at-10.27.56-AM-3.jpeg 1200w, https:\/\/www.tsnre.it\/wp-content\/uploads\/2025\/11\/WhatsApp-Image-2025-11-09-at-10.27.56-AM-3-225x300.jpeg 225w, https:\/\/www.tsnre.it\/wp-content\/uploads\/2025\/11\/WhatsApp-Image-2025-11-09-at-10.27.56-AM-3-768x1024.jpeg 768w, https:\/\/www.tsnre.it\/wp-content\/uploads\/2025\/11\/WhatsApp-Image-2025-11-09-at-10.27.56-AM-3-1152x1536.jpeg 1152w\" sizes=\"auto, (max-width: 1200px) 100vw, 1200px\" \/>\t\n\t\t<\/div>\n\t<!-- \/image-wrap -->\n    \n    \t<\/div>\n<!-- \/module image --><!-- module image -->\n<div  class=\"module module-image tb_ezn3126   image-top tf_mw\" data-lazy=\"1\">\n        <div class=\"image-wrap tf_rel tf_mw\">\n\t\t    <img loading=\"lazy\" decoding=\"async\" width=\"1179\" height=\"779\" src=\"https:\/\/www.tsnre.it\/wp-content\/uploads\/2025\/11\/IMG_4688.jpg\" class=\"wp-post-image wp-image-2043\" title=\"Screenshot\" alt=\"Screenshot\" srcset=\"https:\/\/www.tsnre.it\/wp-content\/uploads\/2025\/11\/IMG_4688.jpg 1179w, https:\/\/www.tsnre.it\/wp-content\/uploads\/2025\/11\/IMG_4688-300x198.jpg 300w, https:\/\/www.tsnre.it\/wp-content\/uploads\/2025\/11\/IMG_4688-1024x677.jpg 1024w, https:\/\/www.tsnre.it\/wp-content\/uploads\/2025\/11\/IMG_4688-768x507.jpg 768w\" sizes=\"auto, (max-width: 1179px) 100vw, 1179px\" \/>\t\n\t\t<\/div>\n\t<!-- \/image-wrap -->\n    \n    \t<\/div>\n<!-- \/module image -->\t\t\t\t<\/div><!-- .tb-column-inner -->\n\t\t\t\t\t\t<\/div><!-- .module_column -->\n\t\t\t\t\t<div  data-lazy=\"1\" class=\"module_column sub_column col3-1 tb_61fu589\">\n\t\t\t\t\t\t\t\t\t<div class=\"tb-column-inner tf_box tf_w\">\n\t\t\t\t<!-- module image -->\n<div  class=\"module module-image tb_47vn589   image-top tf_mw\" data-lazy=\"1\">\n        <div class=\"image-wrap tf_rel tf_mw\">\n\t\t    <img loading=\"lazy\" decoding=\"async\" src=\"https:\/\/www.tsnre.it\/wp-content\/uploads\/2025\/11\/WhatsApp-Image-2025-11-09-at-10.27.56-AM-2-768x1024-361x487.jpeg\" width=\"361\" height=\"487\" class=\"wp-post-image wp-image-2021\" title=\"WhatsApp Image 2025-11-09 at 10.27.56 AM (2)\" alt=\"WhatsApp Image 2025-11-09 at 10.27.56 AM (2)\">\t\n\t\t<\/div>\n\t<!-- \/image-wrap -->\n    \n    \t<\/div>\n<!-- \/module image --><!-- module image -->\n<div  class=\"module module-image tb_g7ww869   image-top tf_mw\" data-lazy=\"1\">\n        <div class=\"image-wrap tf_rel tf_mw\">\n\t\t    <img loading=\"lazy\" decoding=\"async\" width=\"1179\" height=\"775\" src=\"https:\/\/www.tsnre.it\/wp-content\/uploads\/2025\/11\/IMG_4684.jpg\" class=\"wp-post-image wp-image-2044\" title=\"Screenshot\" alt=\"Screenshot\" srcset=\"https:\/\/www.tsnre.it\/wp-content\/uploads\/2025\/11\/IMG_4684.jpg 1179w, https:\/\/www.tsnre.it\/wp-content\/uploads\/2025\/11\/IMG_4684-300x197.jpg 300w, https:\/\/www.tsnre.it\/wp-content\/uploads\/2025\/11\/IMG_4684-1024x673.jpg 1024w, https:\/\/www.tsnre.it\/wp-content\/uploads\/2025\/11\/IMG_4684-768x505.jpg 768w\" sizes=\"auto, (max-width: 1179px) 100vw, 1179px\" \/>\t\n\t\t<\/div>\n\t<!-- \/image-wrap -->\n    \n    \t<\/div>\n<!-- \/module image -->\t\t\t\t<\/div><!-- .tb-column-inner -->\n\t\t\t\t\t\t<\/div><!-- .module_column -->\n\t\t\t\t\t<div  data-lazy=\"1\" class=\"module_column sub_column col3-1 tb_u8vs589 last\">\n\t\t\t\t\t\t\t\t\t<div class=\"tb-column-inner tf_box tf_w\">\n\t\t\t\t<!-- module image -->\n<div  class=\"module module-image tb_v2ny589   image-top tf_mw\" data-lazy=\"1\">\n        <div class=\"image-wrap tf_rel tf_mw\">\n\t\t    <img loading=\"lazy\" decoding=\"async\" src=\"https:\/\/www.tsnre.it\/wp-content\/uploads\/2025\/11\/WhatsApp-Image-2025-11-09-at-10.27.56-AM-1-768x1024-360x480.jpeg\" width=\"360\" height=\"480\" class=\"wp-post-image wp-image-2022\" title=\"WhatsApp Image 2025-11-09 at 10.27.56 AM (1)\" alt=\"WhatsApp Image 2025-11-09 at 10.27.56 AM (1)\" srcset=\"https:\/\/www.tsnre.it\/wp-content\/uploads\/2025\/11\/WhatsApp-Image-2025-11-09-at-10.27.56-AM-1-768x1024-360x480.jpeg 360w, https:\/\/www.tsnre.it\/wp-content\/uploads\/2025\/11\/WhatsApp-Image-2025-11-09-at-10.27.56-AM-1-225x300.jpeg 225w, https:\/\/www.tsnre.it\/wp-content\/uploads\/2025\/11\/WhatsApp-Image-2025-11-09-at-10.27.56-AM-1-768x1024.jpeg 768w, https:\/\/www.tsnre.it\/wp-content\/uploads\/2025\/11\/WhatsApp-Image-2025-11-09-at-10.27.56-AM-1-1152x1536.jpeg 1152w, https:\/\/www.tsnre.it\/wp-content\/uploads\/2025\/11\/WhatsApp-Image-2025-11-09-at-10.27.56-AM-1.jpeg 1200w\" sizes=\"auto, (max-width: 360px) 100vw, 360px\" \/>\t\n\t\t<\/div>\n\t<!-- \/image-wrap -->\n    \n    \t<\/div>\n<!-- \/module image --><!-- module image -->\n<div  class=\"module module-image tb_9g7v567   image-top tf_mw\" data-lazy=\"1\">\n        <div class=\"image-wrap tf_rel tf_mw\">\n\t\t    <img loading=\"lazy\" decoding=\"async\" width=\"1179\" height=\"780\" src=\"https:\/\/www.tsnre.it\/wp-content\/uploads\/2025\/11\/IMG_4687.jpg\" class=\"wp-post-image wp-image-2046\" title=\"Screenshot\" alt=\"Screenshot\" srcset=\"https:\/\/www.tsnre.it\/wp-content\/uploads\/2025\/11\/IMG_4687.jpg 1179w, https:\/\/www.tsnre.it\/wp-content\/uploads\/2025\/11\/IMG_4687-300x198.jpg 300w, https:\/\/www.tsnre.it\/wp-content\/uploads\/2025\/11\/IMG_4687-1024x677.jpg 1024w, https:\/\/www.tsnre.it\/wp-content\/uploads\/2025\/11\/IMG_4687-768x508.jpg 768w\" sizes=\"auto, (max-width: 1179px) 100vw, 1179px\" \/>\t\n\t\t<\/div>\n\t<!-- \/image-wrap -->\n    \n    \t<\/div>\n<!-- \/module image -->\t\t\t\t<\/div><!-- .tb-column-inner -->\n\t\t\t\t\t\t<\/div><!-- .module_column -->\n\t\t\t\t\t\t<\/div><!-- .subrow_inner -->\n\t\t<\/div><!-- .themify_builder_sub_row -->\n\t\t\t\t<!-- module divider -->\n<div  class=\"module tf_mw module-divider tb_k5rh516 solid   \" style=\"border-width: 3px;border-color: #800000;\" data-lazy=\"1\">\n    <\/div>\n<!-- \/module divider -->\n<!-- module divider -->\n<div  class=\"module tf_mw module-divider tb_6qzz783 solid   \" style=\"border-width: 3px;border-color: #800000;\" data-lazy=\"1\">\n    <\/div>\n<!-- \/module divider -->\n\t\t\t\t<\/div><!-- .tb-column-inner -->\n\t\t\t\t\t\t<\/div><!-- .module_column -->\n\t\t\t\t\t\t<\/div><!-- .row_inner -->\n\t\t<\/div><!-- .module_row -->\n\t\t\t\t\t\t\t\t<!-- module_row -->\n\t\t<div  data-lazy=\"1\" class=\"module_row themify_builder_row tb_2sr0955 tf_w tf_clearfix\">\n\t\t\t\t\t<div class=\"row_inner col_align_top tb_col_count_1 tf_box tf_rel\">\n\t\t\t\t\t<div  data-lazy=\"1\" class=\"module_column tb-column col-full tb_0ktp958 first\">\n\t\t\t\t\t\t\t\t\t<div class=\"tb-column-inner tf_box tf_w\">\n\t\t\t\t<!-- module text -->\n<div  class=\"module module-text tb_t4tp195   \" data-lazy=\"1\">\n        <div  class=\"tb_text_wrap\">\n        <\/div>\n<\/div>\n<!-- \/module text --><!-- module divider -->\n<div  class=\"module tf_mw module-divider tb_gfq1559 solid   \" style=\"border-width: 2px;border-color: #800001;\" data-lazy=\"1\">\n    <\/div>\n<!-- \/module divider -->\n<!-- module text -->\n<div  class=\"module module-text tb_d7cm580   \" data-lazy=\"1\">\n        <div  class=\"tb_text_wrap\">\n    <h4 style=\"text-align: center;\">Gara di Tiro Dinamico<\/h4>\n<p style=\"text-align: center;\">Slovenia Open 2025<\/p>\n<p>Complimenti al Presidente della nostra sezione TSN Roberto Taddei per il terzo posto SS e alla nostra istruttrice e tiratrice Barbara Franchini per il secondo posto Lady.<\/p>    <\/div>\n<\/div>\n<!-- \/module text -->\t\t<div  data-lazy=\"1\" class=\"module_subrow themify_builder_sub_row tb_bsft771 tf_w tf_clearfix\">\n\t\t\t\t\t<div class=\"subrow_inner col_align_top tb_col_count_3 tf_box tf_w\">\n\t\t\t\t\t<div  data-lazy=\"1\" class=\"module_column sub_column col3-1 tb_qvci771 first\">\n\t\t\t\t\t\t\t\t\t<div class=\"tb-column-inner tf_box tf_w\">\n\t\t\t\t<!-- module image -->\n<div  class=\"module module-image tb_760q122   image-top tf_mw\" data-lazy=\"1\">\n        <div class=\"image-wrap tf_rel tf_mw\">\n\t\t    <img loading=\"lazy\" decoding=\"async\" width=\"900\" height=\"1600\" src=\"https:\/\/www.tsnre.it\/wp-content\/uploads\/2025\/10\/1c11105f-3cfc-47d3-ad08-5698232afbaa.jpg\" class=\"wp-post-image wp-image-1612\" title=\"1c11105f-3cfc-47d3-ad08-5698232afbaa\" alt=\"1c11105f-3cfc-47d3-ad08-5698232afbaa\" srcset=\"https:\/\/www.tsnre.it\/wp-content\/uploads\/2025\/10\/1c11105f-3cfc-47d3-ad08-5698232afbaa.jpg 900w, https:\/\/www.tsnre.it\/wp-content\/uploads\/2025\/10\/1c11105f-3cfc-47d3-ad08-5698232afbaa-169x300.jpg 169w, https:\/\/www.tsnre.it\/wp-content\/uploads\/2025\/10\/1c11105f-3cfc-47d3-ad08-5698232afbaa-576x1024.jpg 576w, https:\/\/www.tsnre.it\/wp-content\/uploads\/2025\/10\/1c11105f-3cfc-47d3-ad08-5698232afbaa-768x1365.jpg 768w, https:\/\/www.tsnre.it\/wp-content\/uploads\/2025\/10\/1c11105f-3cfc-47d3-ad08-5698232afbaa-864x1536.jpg 864w\" sizes=\"auto, (max-width: 900px) 100vw, 900px\" \/>\t\n\t\t<\/div>\n\t<!-- \/image-wrap -->\n    \n    \t<\/div>\n<!-- \/module image -->\t\t\t\t<\/div><!-- .tb-column-inner -->\n\t\t\t\t\t\t<\/div><!-- .module_column -->\n\t\t\t\t\t<div  data-lazy=\"1\" class=\"module_column sub_column col3-1 tb_jubx771\">\n\t\t\t\t\t\t\t\t\t<div class=\"tb-column-inner tf_box tf_w\">\n\t\t\t\t<!-- module image -->\n<div  class=\"module module-image tb_8vr5361   image-top tf_mw\" data-lazy=\"1\">\n        <div class=\"image-wrap tf_rel tf_mw\">\n\t\t    <img loading=\"lazy\" decoding=\"async\" width=\"1152\" height=\"2048\" src=\"https:\/\/www.tsnre.it\/wp-content\/uploads\/2025\/10\/6e2c5ded-4fca-4e8d-81b7-99b505f73072.jpg\" class=\"wp-post-image wp-image-1615\" title=\"6e2c5ded-4fca-4e8d-81b7-99b505f73072\" alt=\"6e2c5ded-4fca-4e8d-81b7-99b505f73072\" srcset=\"https:\/\/www.tsnre.it\/wp-content\/uploads\/2025\/10\/6e2c5ded-4fca-4e8d-81b7-99b505f73072.jpg 1152w, https:\/\/www.tsnre.it\/wp-content\/uploads\/2025\/10\/6e2c5ded-4fca-4e8d-81b7-99b505f73072-169x300.jpg 169w, https:\/\/www.tsnre.it\/wp-content\/uploads\/2025\/10\/6e2c5ded-4fca-4e8d-81b7-99b505f73072-576x1024.jpg 576w, https:\/\/www.tsnre.it\/wp-content\/uploads\/2025\/10\/6e2c5ded-4fca-4e8d-81b7-99b505f73072-768x1365.jpg 768w, https:\/\/www.tsnre.it\/wp-content\/uploads\/2025\/10\/6e2c5ded-4fca-4e8d-81b7-99b505f73072-864x1536.jpg 864w\" sizes=\"auto, (max-width: 1152px) 100vw, 1152px\" \/>\t\n\t\t<\/div>\n\t<!-- \/image-wrap -->\n    \n    \t<\/div>\n<!-- \/module image -->\t\t\t\t<\/div><!-- .tb-column-inner -->\n\t\t\t\t\t\t<\/div><!-- .module_column -->\n\t\t\t\t\t<div  data-lazy=\"1\" class=\"module_column sub_column col3-1 tb_dppj771 last\">\n\t\t\t\t\t\t\t\t\t<div class=\"tb-column-inner tf_box tf_w\">\n\t\t\t\t<!-- module image -->\n<div  class=\"module module-image tb_s5p5422   image-top tf_mw\" data-lazy=\"1\">\n        <div class=\"image-wrap tf_rel tf_mw\">\n\t\t    <img loading=\"lazy\" decoding=\"async\" width=\"1152\" height=\"2048\" src=\"https:\/\/www.tsnre.it\/wp-content\/uploads\/2025\/10\/eac45b1d-af65-4612-8ff3-1d8ebef67f98.jpg\" class=\"wp-post-image wp-image-1613\" title=\"eac45b1d-af65-4612-8ff3-1d8ebef67f98\" alt=\"eac45b1d-af65-4612-8ff3-1d8ebef67f98\" srcset=\"https:\/\/www.tsnre.it\/wp-content\/uploads\/2025\/10\/eac45b1d-af65-4612-8ff3-1d8ebef67f98.jpg 1152w, https:\/\/www.tsnre.it\/wp-content\/uploads\/2025\/10\/eac45b1d-af65-4612-8ff3-1d8ebef67f98-169x300.jpg 169w, https:\/\/www.tsnre.it\/wp-content\/uploads\/2025\/10\/eac45b1d-af65-4612-8ff3-1d8ebef67f98-576x1024.jpg 576w, https:\/\/www.tsnre.it\/wp-content\/uploads\/2025\/10\/eac45b1d-af65-4612-8ff3-1d8ebef67f98-768x1365.jpg 768w, https:\/\/www.tsnre.it\/wp-content\/uploads\/2025\/10\/eac45b1d-af65-4612-8ff3-1d8ebef67f98-864x1536.jpg 864w\" sizes=\"auto, (max-width: 1152px) 100vw, 1152px\" \/>\t\n\t\t<\/div>\n\t<!-- \/image-wrap -->\n    \n    \t<\/div>\n<!-- \/module image -->\t\t\t\t<\/div><!-- .tb-column-inner -->\n\t\t\t\t\t\t<\/div><!-- .module_column -->\n\t\t\t\t\t\t<\/div><!-- .subrow_inner -->\n\t\t<\/div><!-- .themify_builder_sub_row -->\n\t\t\t\t\t\t\t\t<\/div><!-- .tb-column-inner -->\n\t\t\t\t\t\t<\/div><!-- .module_column -->\n\t\t\t\t\t\t<\/div><!-- .row_inner -->\n\t\t<\/div><!-- .module_row -->\n\t\t\t\t\t\t\t\t<!-- module_row -->\n\t\t<div  data-lazy=\"1\" class=\"module_row themify_builder_row tb_nyqf333 tf_w tf_clearfix\">\n\t\t\t\t\t<div class=\"row_inner col_align_top tb_col_count_1 tf_box tf_rel\">\n\t\t\t\t\t<div  data-lazy=\"1\" class=\"module_column tb-column col-full tb_t3b6333 first\">\n\t\t\t\t\t\t\t\t\t<div class=\"tb-column-inner tf_box tf_w\">\n\t\t\t\t<!-- module text -->\n<div  class=\"module module-text tb_zkgs33   \" data-lazy=\"1\">\n        <div  class=\"tb_text_wrap\">\n    <h4 style=\"text-align: center;\">\u00a0<span style=\"color: #656565; font-family: 'Open Sans', Arial, Helvetica, sans-serif; font-size: 1.05em; font-weight: normal;\">\u00a0<\/span><\/h4>    <\/div>\n<\/div>\n<!-- \/module text --><!-- module divider -->\n<div  class=\"module tf_mw module-divider tb_lu57367 solid   \" style=\"border-width: 2px;border-color: #800001;\" data-lazy=\"1\">\n    <\/div>\n<!-- \/module divider -->\n<!-- module text -->\n<div  class=\"module module-text tb_vn5e920   \" data-lazy=\"1\">\n        <div  class=\"tb_text_wrap\">\n    <h4 style=\"text-align: center;\">\u00a0<\/h4>\n<h4 style=\"text-align: center;\">Seminari di formazione I.R.O.A. di I e II livello<\/h4>\n<p style=\"text-align: center;\">Per la prima volta in Italia alla Scuola dello Sport del CONI di Roma.<\/p>    <\/div>\n<\/div>\n<!-- \/module text -->\t\t\t\t<\/div><!-- .tb-column-inner -->\n\t\t\t\t\t\t<\/div><!-- .module_column -->\n\t\t\t\t\t\t<\/div><!-- .row_inner -->\n\t\t<\/div><!-- .module_row -->\n\t\t\t\t\t\t\t\t<!-- module_row -->\n\t\t<div  data-lazy=\"1\" class=\"module_row themify_builder_row tb_jj7m20 tf_w tf_clearfix\">\n\t\t\t\t\t<div class=\"row_inner col_align_top tb_col_count_2 tf_box tf_rel\">\n\t\t\t\t\t<div  data-lazy=\"1\" class=\"module_column tb-column col4-2 tb_oymw20 first\">\n\t\t\t\t\t\t\t\t\t<div class=\"tb-column-inner tf_box tf_w\">\n\t\t\t\t<!-- module image -->\n<div  class=\"module module-image tb_lae8777   image-top tf_mw\" data-lazy=\"1\">\n        <div class=\"image-wrap tf_rel tf_mw\">\n\t\t    <img loading=\"lazy\" decoding=\"async\" width=\"1200\" height=\"1600\" src=\"https:\/\/www.tsnre.it\/wp-content\/uploads\/2025\/10\/WhatsApp-Image-2025-10-30-at-3.05.46-PM-1.jpeg\" class=\"wp-post-image wp-image-1631\" title=\"WhatsApp Image 2025-10-30 at 3.05.46 PM (1)\" alt=\"WhatsApp Image 2025-10-30 at 3.05.46 PM (1)\" srcset=\"https:\/\/www.tsnre.it\/wp-content\/uploads\/2025\/10\/WhatsApp-Image-2025-10-30-at-3.05.46-PM-1.jpeg 1200w, https:\/\/www.tsnre.it\/wp-content\/uploads\/2025\/10\/WhatsApp-Image-2025-10-30-at-3.05.46-PM-1-225x300.jpeg 225w, https:\/\/www.tsnre.it\/wp-content\/uploads\/2025\/10\/WhatsApp-Image-2025-10-30-at-3.05.46-PM-1-768x1024.jpeg 768w, https:\/\/www.tsnre.it\/wp-content\/uploads\/2025\/10\/WhatsApp-Image-2025-10-30-at-3.05.46-PM-1-1152x1536.jpeg 1152w\" sizes=\"auto, (max-width: 1200px) 100vw, 1200px\" \/>\t\n\t\t<\/div>\n\t<!-- \/image-wrap -->\n    \n    \t<\/div>\n<!-- \/module image -->\t\t\t\t<\/div><!-- .tb-column-inner -->\n\t\t\t\t\t\t<\/div><!-- .module_column -->\n\t\t\t\t\t<div  data-lazy=\"1\" class=\"module_column tb-column col4-2 tb_pkc220 last\">\n\t\t\t\t\t\t\t\t\t<div class=\"tb-column-inner tf_box tf_w\">\n\t\t\t\t<!-- module image -->\n<div  class=\"module module-image tb_801f825   image-top tf_mw\" data-lazy=\"1\">\n        <div class=\"image-wrap tf_rel tf_mw\">\n\t\t    <img loading=\"lazy\" decoding=\"async\" width=\"1200\" height=\"1600\" src=\"https:\/\/www.tsnre.it\/wp-content\/uploads\/2025\/10\/WhatsApp-Image-2025-10-30-at-3.05.46-PM-2.jpeg\" class=\"wp-post-image wp-image-1632\" title=\"WhatsApp Image 2025-10-30 at 3.05.46 PM (2)\" alt=\"WhatsApp Image 2025-10-30 at 3.05.46 PM (2)\" srcset=\"https:\/\/www.tsnre.it\/wp-content\/uploads\/2025\/10\/WhatsApp-Image-2025-10-30-at-3.05.46-PM-2.jpeg 1200w, https:\/\/www.tsnre.it\/wp-content\/uploads\/2025\/10\/WhatsApp-Image-2025-10-30-at-3.05.46-PM-2-225x300.jpeg 225w, https:\/\/www.tsnre.it\/wp-content\/uploads\/2025\/10\/WhatsApp-Image-2025-10-30-at-3.05.46-PM-2-768x1024.jpeg 768w, https:\/\/www.tsnre.it\/wp-content\/uploads\/2025\/10\/WhatsApp-Image-2025-10-30-at-3.05.46-PM-2-1152x1536.jpeg 1152w\" sizes=\"auto, (max-width: 1200px) 100vw, 1200px\" \/>\t\n\t\t<\/div>\n\t<!-- \/image-wrap -->\n    \n    \t<\/div>\n<!-- \/module image -->\t\t\t\t<\/div><!-- .tb-column-inner -->\n\t\t\t\t\t\t<\/div><!-- .module_column -->\n\t\t\t\t\t\t<\/div><!-- .row_inner -->\n\t\t<\/div><!-- .module_row -->\n\t\t\t\t\t\t\t\t<!-- module_row -->\n\t\t<div  data-lazy=\"1\" class=\"module_row themify_builder_row tb_wwv1979 tf_w tf_clearfix\">\n\t\t\t\t\t<div class=\"row_inner col_align_top tb_col_count_1 tf_box tf_rel\">\n\t\t\t\t\t<div  data-lazy=\"1\" class=\"module_column tb-column col-full tb_guyj979 first\">\n\t\t\t\t\t\t\t\t\t<div class=\"tb-column-inner tf_box tf_w\">\n\t\t\t\t\t\t<div  data-lazy=\"1\" class=\"module_subrow themify_builder_sub_row tb_66qq791 tf_w tf_clearfix\">\n\t\t\t\t\t<div class=\"subrow_inner col_align_top tb_col_count_1 tf_box tf_w\">\n\t\t\t\t\t<div  data-lazy=\"1\" class=\"module_column sub_column col-full tb_i8jn791 first\">\n\t\t\t\t\t\t\t\t\t<div class=\"tb-column-inner tf_box tf_w\">\n\t\t\t\t<!-- module divider -->\n<div  class=\"module tf_mw module-divider tb_cx6n927 solid   \" style=\"border-width: 2px;border-color: #800001;\" data-lazy=\"1\">\n    <\/div>\n<!-- \/module divider -->\n<!-- module text -->\n<div  class=\"module module-text tb_e98a830   \" data-lazy=\"1\">\n        <div  class=\"tb_text_wrap\">\n    <h4>\u00a0<\/h4>\n<h4 style=\"text-align: center;\">Campionato regionale di Tiro a Segno: il sampolese scala la classifica della 10metri e nella sportiva.<\/h4>    <\/div>\n<\/div>\n<!-- \/module text -->\t\t\t\t<\/div><!-- .tb-column-inner -->\n\t\t\t\t\t\t<\/div><!-- .module_column -->\n\t\t\t\t\t\t<\/div><!-- .subrow_inner -->\n\t\t<\/div><!-- .themify_builder_sub_row -->\n\t\t\t\t\t\t<div  data-lazy=\"1\" class=\"module_subrow themify_builder_sub_row tb_lprm174 tf_w tf_clearfix\">\n\t\t\t\t\t<div class=\"subrow_inner col_align_top tb_col_count_1 tf_box tf_w\">\n\t\t\t\t\t<div  data-lazy=\"1\" class=\"module_column sub_column col-full tb_058u174 first\">\n\t\t\t\t\t\t\t\t\t<div class=\"tb-column-inner tf_box tf_w\">\n\t\t\t\t<!-- module image -->\n<div  class=\"module module-image tb_rk3871   image-center tf_mw\" data-lazy=\"1\">\n        <div class=\"image-wrap tf_rel tf_mw\">\n\t\t    <img loading=\"lazy\" decoding=\"async\" src=\"https:\/\/www.tsnre.it\/wp-content\/uploads\/2025\/07\/PHOTO-2025-07-02-16-03-17-1024x579-934x527.jpg\" width=\"934\" height=\"527\" class=\"wp-post-image wp-image-1213\" title=\"PHOTO-2025-07-02-16-03-17\" alt=\"PHOTO-2025-07-02-16-03-17\" srcset=\"https:\/\/www.tsnre.it\/wp-content\/uploads\/2025\/07\/PHOTO-2025-07-02-16-03-17-1024x579-934x527.jpg 934w, https:\/\/www.tsnre.it\/wp-content\/uploads\/2025\/07\/PHOTO-2025-07-02-16-03-17-300x170.jpg 300w, https:\/\/www.tsnre.it\/wp-content\/uploads\/2025\/07\/PHOTO-2025-07-02-16-03-17-1024x579.jpg 1024w, https:\/\/www.tsnre.it\/wp-content\/uploads\/2025\/07\/PHOTO-2025-07-02-16-03-17-768x434.jpg 768w, https:\/\/www.tsnre.it\/wp-content\/uploads\/2025\/07\/PHOTO-2025-07-02-16-03-17-1536x868.jpg 1536w, https:\/\/www.tsnre.it\/wp-content\/uploads\/2025\/07\/PHOTO-2025-07-02-16-03-17.jpg 1600w\" sizes=\"auto, (max-width: 934px) 100vw, 934px\" \/>\t\n\t\t<\/div>\n\t<!-- \/image-wrap -->\n    \n    \t<\/div>\n<!-- \/module image -->\t\t\t\t<\/div><!-- .tb-column-inner -->\n\t\t\t\t\t\t<\/div><!-- .module_column -->\n\t\t\t\t\t\t<\/div><!-- .subrow_inner -->\n\t\t<\/div><!-- .themify_builder_sub_row -->\n\t\t\t\t\t\t<div  data-lazy=\"1\" class=\"module_subrow themify_builder_sub_row tb_y0xu156 tf_w tf_clearfix\">\n\t\t\t\t\t<div class=\"subrow_inner col_align_top tb_col_count_1 tf_box tf_w\">\n\t\t\t\t\t<div  data-lazy=\"1\" class=\"module_column sub_column col-full tb_evux156 first\">\n\t\t\t\t\t\t\t\t\t<div class=\"tb-column-inner tf_box tf_w\">\n\t\t\t\t<!-- module text -->\n<div  class=\"module module-text tb_y7w242   \" data-lazy=\"1\">\n        <div  class=\"tb_text_wrap\">\n    <h4 style=\"text-align: center;\">\u00a0<\/h4>\n<p style=\"text-align: center;\">ANDREA FLOCCA, LA \u201cGRANDE BELLEZZA\u201d DEL DOPPIO TITOLO REGIONALE<\/p>\n<p>Nella pistola 10Mt, Rebecca Patern\u00f2 Castello brilla negli allievi, Eva Pataridze conquista l\u2019argento anche nella sportiva. Alessandra Benassi, terza: che forza nella carabina femminile!<\/p>\n<p>Nel fine settimana andato in archivio, si sono concluse le gare del circuito regionale 2025, valide per l\u2019ammissione ai Campionati Italiani di Roma a settembre. Ancora ottime prestazioni per i tiratori granata.<\/p>\n<p><strong>Tutti i primi posti<\/strong>:<\/p>\n<p>Nella Pistola Sportiva a 25mt Andrea Flocca si porta a casa il titolo regionale tra gli juniores uomini con una prestazione di forza nonostante il caldo infuocato di questi giorni. Eva Pataridze si colloca al secondo posto delle juniores donne.<\/p>\n<p>Il duo granata si conferma al top della classifica anche nella P10, con Pataridze che si colloca al secondo posto del podio con una gara molto tecnica, mentre Flocca segna uno dei migliori scores della stagione.<\/p>\n<p>Rebecca Patern\u00f2 Castello \u00e8 prima tra gli allievi superando di un soffio il riminese Castagnoli e guadagnandosi la seconda finale nazionale in due anni di \u201ccarriera\u201d.<\/p>\n<p><strong>Altri eccellenti risultati.<\/strong><\/p>\n<p>Nella carabina ad aria compressa a 10Mt\u00a0<strong>Alessandra Benassi<\/strong>\u00a0sale ancora sul podio tra le senior donne con un terzo posto che testimonia la concretezza della tiratrice reggiana e che la porta in quota campionati italiani nel primo anno di attivit\u00e0.<\/p>\n<p>Nelle gare di pistola a 10Mt, un meritatissimo terzo posto per\u00a0<strong>Roberto Patern\u00f2 Castello<\/strong>, evidenzia un trend di prestazioni pi\u00f9 che positive per lo Juniores in questo finale di stagione.<\/p>\n<p>Tra le prima dieci tiratrici regionali anche\u00a0<strong>Emma Pezzi<\/strong>\u00a0nel raggruppamento ragazzi.<\/p>\n<p>Nei master,\u00a0<strong>Camillo Orlandini<\/strong>\u00a0porta a braccetto\u00a0<strong>Giosino Belmonte<\/strong>\u00a0e\u00a0<strong>Simone Zanoni<\/strong>\u00a0dal quarto al sesto posto della classifica. I due tiratori tornano alle gare dopo qualche tempo, dimostrando subito un ottimo livello di forma.<\/p>\n<p>Gli esperti\u00a0<strong>Luca Cavallini<\/strong>\u00a0e\u00a0<strong>Pasquale Bifulco<\/strong>\u00a0si confermano nella standard e nella sportiva, arricchendo un ottimo finale di stagione.<\/p>\n<p>La coach Debora Piumi: \u201cSono soddisfatta di questo campionato regionale. Pataridze ci ha abituato alle trasferte per gli italiani da qualche anno sia ad aria che a fuoco. Dall\u2019anno scorso la affianca Flocca, che si sta rivelando una certezza tra gli Juniores a livello italiano. Cito volentieri i fratelli Patern\u00f2 Castello: Roberto ci ha regalato un bronzo bellissimo mentre Rebecca partecipa ai nazionali per la seconda volta in 12 mesi. Emma Pezzi \u00e8 una sicura promessa. Ma tutto il gruppo in generale merita un plauso per la passione che ha messo in gare ed allenamenti. Ora ci prendiamo una piccola pausa, per poi riprendere il lavoro in Sezione in vista di Roma 2025.<\/p>    <\/div>\n<\/div>\n<!-- \/module text -->\t\t\t\t<\/div><!-- .tb-column-inner -->\n\t\t\t\t\t\t<\/div><!-- .module_column -->\n\t\t\t\t\t\t<\/div><!-- .subrow_inner -->\n\t\t<\/div><!-- .themify_builder_sub_row -->\n\t\t\t\t\t\t\t\t<\/div><!-- .tb-column-inner -->\n\t\t\t\t\t\t<\/div><!-- .module_column -->\n\t\t\t\t\t\t<\/div><!-- .row_inner -->\n\t\t<\/div><!-- .module_row -->\n\t\t\t\t<\/div>\n<!--\/themify_builder_content-->\n\n\n<p class=\"wp-block-paragraph\"><\/p>","protected":false},"excerpt":{"rendered":"","protected":false},"author":123,"featured_media":0,"parent":0,"menu_order":0,"comment_status":"closed","ping_status":"closed","template":"","meta":{"footnotes":""},"class_list":["post-1867","page","type-page","status-publish","hentry","has-post-title","has-post-date","has-post-category","has-post-tag","has-post-comment","has-post-author",""],"builder_content":"<img src=\"https:\/\/www.tsnre.it\/wp-content\/uploads\/2026\/08\/CENA-SOCIALE-2026-1135x1580.jpeg\" width=\"1135\" height=\"1580\" title=\"News\" alt=\"News\">\n\n<img src=\"https:\/\/www.tsnre.it\/wp-content\/uploads\/2026\/06\/TSN-1-1135x1580.jpg\" width=\"1135\" height=\"1580\" title=\"News\" alt=\"News\">\n<p style=\"text-align: center;\">Gentili Soci, vi informiamo che, in occasione della dichiarazione dei redditi (modello 730), sar\u00e0 possibile destinare il vostro <strong>5x1000<\/strong> al Tiro a Segno di Reggio Emilia.<br \/>Per effettuare la donazione, sar\u00e0 sufficiente indicare:<br \/><strong>Ragione sociale: Tiro a Segno di Reggio Emilia<\/strong><br \/><strong>Codice fiscale: 80018310351<\/strong><\/p> <p style=\"text-align: center;\">Si tratta di un gesto semplice ma di grande valore, che contribuir\u00e0 al sostegno delle attivit\u00e0 e allo sviluppo della nostra associazione.<br \/>Vi ringraziamo fin da ora per il vostro supporto e per la fiducia che continuate a dimostrarci.<\/p> <p>\u00a0<\/p>\n\n[video src=\"https:\/\/www.tsnre.it\/wp-content\/uploads\/2026\/06\/WhatsApp-Video-2026-06-27-at-11.20.49-AM.mp4\"][\/video]\n<h3 style=\"text-align: center;\">Gara TRS 2026 al TSN di Reggio Emilia.<\/h3> <p>Un sentito grazie a tutto lo staff che, con impegno, passione e spirito di squadra ha organizzato, montato e gestito questa gara.<br>Il successo di questo evento \u00e8 anche, e soprattutto, merito vostro.<\/p> <p>Grazie a tutti i collaboratori del nostro Tiro a Segno: siete il vero cuore del Tiro a Segno di Reggio Emilia.<br>La vostra disponibilit\u00e0, la vostra competenza e la vostra passione rendono possibili eventi come questo e contribuiscono soprattutto a mantenere viva una realt\u00e0 importante per tutti noi.<\/p> <p>Un ringraziamento particolare va anche al nostro tiratore Marco Pullia per le bellissime riprese e il tempo che ha dedicato per la realizzazione del video ricordo della gara.<\/p> <p>\u00a0<\/p>\n\n<img src=\"https:\/\/www.tsnre.it\/wp-content\/uploads\/2026\/04\/WhatsApp-Image-2026-03-31-at-18.57.48-1024x768-934x557.jpeg\" width=\"934\" height=\"557\" title=\"WhatsApp Image 2026-03-31 at 18.57.48\" alt=\"WhatsApp Image 2026-03-31 at 18.57.48\">\n<p style=\"text-align: center;\">\u00a0<\/p> <p style=\"text-align: center;\">Con grande tristezza<strong>\u00a0<\/strong>rivolgiamo<strong>\u00a0<\/strong>un ringraziamento e un saluto ad un collaboratore stimato, un amico sincero ed un padre di famiglia straordinario.<br>Giacomo sei stato una presenza rara.<br>Una di quelle persone che, con discrezione e costanza, lasciano un segno profondo nella vita degli altri. <br>Affidabile, generoso, sempre pronto a tendere una mano senza cercare riconoscimenti. <br>Sapeva ascoltare, comprendere, trovare soluzioni ma soprattutto, sapeva esserci.<br>Per molti di noi \u00e8 stato pi\u00f9 di un collega: \u00e8 stato un punto di riferimento, una persona con cui condividere non solo progetti e responsabilit\u00e0, ma anche momenti di umanit\u00e0 vera, fatta di sorrisi, consigli e silenzi pieni di rispetto.<br>Ma al di l\u00e0 del lavoro, il suo ruolo pi\u00f9 grande \u00e8 stato quello di padre. In questo ha mostrato la sua essenza pi\u00f9 autentica: l'amore, la dedizione, il senso di responsabilit\u00e0. <br>La sua famiglia era il suo orgoglio, il suo centro, la sua forza.<br>La sua assenza lascia un vuoto difficile da colmare, ma ci\u00f2 che ha donato rimane. Rimane nel modo in cui ci ha insegnato a lavorare insieme, nel valore che ha dato alle relazioni e nell'esempio che ha offerto ogni giorno, senza clamore.<br>Oggi lo salutiamo con tristezza, ma anche con gratitudine, perch\u00e9 chi ha avuto la fortuna di conoscerlo porta con s\u00e9 qualcosa di lui.<br>E forse \u00e8 proprio questo il modo pi\u00f9 vero per ricordarlo: continuare, ognuno a modo proprio, a vivere quei valori che lui ha incarnato cos\u00ec bene.<br><strong>Grazie, Giacomo. Non ti dimenticheremo.<\/strong><\/p>\n\n<p>\u00a0<\/p> <p>La nostra Elena Kevlishvili debutta sul palcoscenico italiano con una prestazione determinata e che la proietta tra i migliori 20 giovanissimi italiani. Brava Elena!!!<\/p>\n[gallery ids=\"2107,2106\"]\n\n<h4>\u00a0<\/h4> <h4 style=\"text-align: center;\">Trofeo delle Regioni - Roma 2025<\/h4> <h5 style=\"text-align: center;\">\u00a0<\/h5> <p style=\"text-align: center;\">Per l\u2019Emilia Romagna la nostra Eva Pataridze conquista il secondo posto nella categoria ragazze juniores.<br>Tra gli junior uomini invece il quarto posto di squadra con un\u2019ottima prestazione va al nostro Andrea Flocca.<\/p> <p style=\"text-align: center;\">Tra gli allievi di pistola l'ottavo posto va a Rebecca Patern\u00f2 Castello.<\/p> <p style=\"text-align: center;\">Per la categoria \"mixed team\" di pistola e carabina Eva ed Andrea guadagnano il 7\u00b0 posto.\u00a0<\/p> <p style=\"text-align: center;\">Complimenti ai nostri ragazzi!<\/p>\n\n<img src=\"https:\/\/www.tsnre.it\/wp-content\/uploads\/2025\/11\/WhatsApp-Image-2025-11-09-at-10.27.56-AM-3.jpeg\" title=\"WhatsApp Image 2025-11-09 at 10.27.56 AM (3)\" alt=\"WhatsApp Image 2025-11-09 at 10.27.56 AM (3)\" srcset=\"https:\/\/www.tsnre.it\/wp-content\/uploads\/2025\/11\/WhatsApp-Image-2025-11-09-at-10.27.56-AM-3.jpeg 1200w, https:\/\/www.tsnre.it\/wp-content\/uploads\/2025\/11\/WhatsApp-Image-2025-11-09-at-10.27.56-AM-3-225x300.jpeg 225w, https:\/\/www.tsnre.it\/wp-content\/uploads\/2025\/11\/WhatsApp-Image-2025-11-09-at-10.27.56-AM-3-768x1024.jpeg 768w, https:\/\/www.tsnre.it\/wp-content\/uploads\/2025\/11\/WhatsApp-Image-2025-11-09-at-10.27.56-AM-3-1152x1536.jpeg 1152w\" sizes=\"(max-width: 1200px) 100vw, 1200px\" \/>\n<img src=\"https:\/\/www.tsnre.it\/wp-content\/uploads\/2025\/11\/IMG_4688.jpg\" title=\"Screenshot\" alt=\"Screenshot\" srcset=\"https:\/\/www.tsnre.it\/wp-content\/uploads\/2025\/11\/IMG_4688.jpg 1179w, https:\/\/www.tsnre.it\/wp-content\/uploads\/2025\/11\/IMG_4688-300x198.jpg 300w, https:\/\/www.tsnre.it\/wp-content\/uploads\/2025\/11\/IMG_4688-1024x677.jpg 1024w, https:\/\/www.tsnre.it\/wp-content\/uploads\/2025\/11\/IMG_4688-768x507.jpg 768w\" sizes=\"(max-width: 1179px) 100vw, 1179px\" \/>\n<img src=\"https:\/\/www.tsnre.it\/wp-content\/uploads\/2025\/11\/WhatsApp-Image-2025-11-09-at-10.27.56-AM-2-768x1024-361x487.jpeg\" width=\"361\" height=\"487\" title=\"WhatsApp Image 2025-11-09 at 10.27.56 AM (2)\" alt=\"WhatsApp Image 2025-11-09 at 10.27.56 AM (2)\">\n<img src=\"https:\/\/www.tsnre.it\/wp-content\/uploads\/2025\/11\/IMG_4684.jpg\" title=\"Screenshot\" alt=\"Screenshot\" srcset=\"https:\/\/www.tsnre.it\/wp-content\/uploads\/2025\/11\/IMG_4684.jpg 1179w, https:\/\/www.tsnre.it\/wp-content\/uploads\/2025\/11\/IMG_4684-300x197.jpg 300w, https:\/\/www.tsnre.it\/wp-content\/uploads\/2025\/11\/IMG_4684-1024x673.jpg 1024w, https:\/\/www.tsnre.it\/wp-content\/uploads\/2025\/11\/IMG_4684-768x505.jpg 768w\" sizes=\"(max-width: 1179px) 100vw, 1179px\" \/>\n<img src=\"https:\/\/www.tsnre.it\/wp-content\/uploads\/2025\/11\/WhatsApp-Image-2025-11-09-at-10.27.56-AM-1-768x1024-360x480.jpeg\" width=\"360\" height=\"480\" title=\"WhatsApp Image 2025-11-09 at 10.27.56 AM (1)\" alt=\"WhatsApp Image 2025-11-09 at 10.27.56 AM (1)\" srcset=\"https:\/\/www.tsnre.it\/wp-content\/uploads\/2025\/11\/WhatsApp-Image-2025-11-09-at-10.27.56-AM-1-768x1024-360x480.jpeg 360w, https:\/\/www.tsnre.it\/wp-content\/uploads\/2025\/11\/WhatsApp-Image-2025-11-09-at-10.27.56-AM-1-225x300.jpeg 225w, https:\/\/www.tsnre.it\/wp-content\/uploads\/2025\/11\/WhatsApp-Image-2025-11-09-at-10.27.56-AM-1-768x1024.jpeg 768w, https:\/\/www.tsnre.it\/wp-content\/uploads\/2025\/11\/WhatsApp-Image-2025-11-09-at-10.27.56-AM-1-1152x1536.jpeg 1152w, https:\/\/www.tsnre.it\/wp-content\/uploads\/2025\/11\/WhatsApp-Image-2025-11-09-at-10.27.56-AM-1.jpeg 1200w\" sizes=\"(max-width: 360px) 100vw, 360px\" \/>\n<img src=\"https:\/\/www.tsnre.it\/wp-content\/uploads\/2025\/11\/IMG_4687.jpg\" title=\"Screenshot\" alt=\"Screenshot\" srcset=\"https:\/\/www.tsnre.it\/wp-content\/uploads\/2025\/11\/IMG_4687.jpg 1179w, https:\/\/www.tsnre.it\/wp-content\/uploads\/2025\/11\/IMG_4687-300x198.jpg 300w, https:\/\/www.tsnre.it\/wp-content\/uploads\/2025\/11\/IMG_4687-1024x677.jpg 1024w, https:\/\/www.tsnre.it\/wp-content\/uploads\/2025\/11\/IMG_4687-768x508.jpg 768w\" sizes=\"(max-width: 1179px) 100vw, 1179px\" \/>\n\n\n\n\n<h4 style=\"text-align: center;\">Gara di Tiro Dinamico<\/h4> <p style=\"text-align: center;\">Slovenia Open 2025<\/p> <p>Complimenti al Presidente della nostra sezione TSN Roberto Taddei per il terzo posto SS e alla nostra istruttrice e tiratrice Barbara Franchini per il secondo posto Lady.<\/p>\n<img src=\"https:\/\/www.tsnre.it\/wp-content\/uploads\/2025\/10\/1c11105f-3cfc-47d3-ad08-5698232afbaa.jpg\" title=\"1c11105f-3cfc-47d3-ad08-5698232afbaa\" alt=\"1c11105f-3cfc-47d3-ad08-5698232afbaa\" srcset=\"https:\/\/www.tsnre.it\/wp-content\/uploads\/2025\/10\/1c11105f-3cfc-47d3-ad08-5698232afbaa.jpg 900w, https:\/\/www.tsnre.it\/wp-content\/uploads\/2025\/10\/1c11105f-3cfc-47d3-ad08-5698232afbaa-169x300.jpg 169w, https:\/\/www.tsnre.it\/wp-content\/uploads\/2025\/10\/1c11105f-3cfc-47d3-ad08-5698232afbaa-576x1024.jpg 576w, https:\/\/www.tsnre.it\/wp-content\/uploads\/2025\/10\/1c11105f-3cfc-47d3-ad08-5698232afbaa-768x1365.jpg 768w, https:\/\/www.tsnre.it\/wp-content\/uploads\/2025\/10\/1c11105f-3cfc-47d3-ad08-5698232afbaa-864x1536.jpg 864w\" sizes=\"(max-width: 900px) 100vw, 900px\" \/>\n<img src=\"https:\/\/www.tsnre.it\/wp-content\/uploads\/2025\/10\/6e2c5ded-4fca-4e8d-81b7-99b505f73072.jpg\" title=\"6e2c5ded-4fca-4e8d-81b7-99b505f73072\" alt=\"6e2c5ded-4fca-4e8d-81b7-99b505f73072\" srcset=\"https:\/\/www.tsnre.it\/wp-content\/uploads\/2025\/10\/6e2c5ded-4fca-4e8d-81b7-99b505f73072.jpg 1152w, https:\/\/www.tsnre.it\/wp-content\/uploads\/2025\/10\/6e2c5ded-4fca-4e8d-81b7-99b505f73072-169x300.jpg 169w, https:\/\/www.tsnre.it\/wp-content\/uploads\/2025\/10\/6e2c5ded-4fca-4e8d-81b7-99b505f73072-576x1024.jpg 576w, https:\/\/www.tsnre.it\/wp-content\/uploads\/2025\/10\/6e2c5ded-4fca-4e8d-81b7-99b505f73072-768x1365.jpg 768w, https:\/\/www.tsnre.it\/wp-content\/uploads\/2025\/10\/6e2c5ded-4fca-4e8d-81b7-99b505f73072-864x1536.jpg 864w\" sizes=\"(max-width: 1152px) 100vw, 1152px\" \/>\n<img src=\"https:\/\/www.tsnre.it\/wp-content\/uploads\/2025\/10\/eac45b1d-af65-4612-8ff3-1d8ebef67f98.jpg\" title=\"eac45b1d-af65-4612-8ff3-1d8ebef67f98\" alt=\"eac45b1d-af65-4612-8ff3-1d8ebef67f98\" srcset=\"https:\/\/www.tsnre.it\/wp-content\/uploads\/2025\/10\/eac45b1d-af65-4612-8ff3-1d8ebef67f98.jpg 1152w, https:\/\/www.tsnre.it\/wp-content\/uploads\/2025\/10\/eac45b1d-af65-4612-8ff3-1d8ebef67f98-169x300.jpg 169w, https:\/\/www.tsnre.it\/wp-content\/uploads\/2025\/10\/eac45b1d-af65-4612-8ff3-1d8ebef67f98-576x1024.jpg 576w, https:\/\/www.tsnre.it\/wp-content\/uploads\/2025\/10\/eac45b1d-af65-4612-8ff3-1d8ebef67f98-768x1365.jpg 768w, https:\/\/www.tsnre.it\/wp-content\/uploads\/2025\/10\/eac45b1d-af65-4612-8ff3-1d8ebef67f98-864x1536.jpg 864w\" sizes=\"(max-width: 1152px) 100vw, 1152px\" \/>\n<h4 style=\"text-align: center;\">\u00a0\u00a0<\/h4>\n\n<h4 style=\"text-align: center;\">\u00a0<\/h4> <h4 style=\"text-align: center;\">Seminari di formazione I.R.O.A. di I e II livello<\/h4> <p style=\"text-align: center;\">Per la prima volta in Italia alla Scuola dello Sport del CONI di Roma.<\/p>\n<img src=\"https:\/\/www.tsnre.it\/wp-content\/uploads\/2025\/10\/WhatsApp-Image-2025-10-30-at-3.05.46-PM-1.jpeg\" title=\"WhatsApp Image 2025-10-30 at 3.05.46 PM (1)\" alt=\"WhatsApp Image 2025-10-30 at 3.05.46 PM (1)\" srcset=\"https:\/\/www.tsnre.it\/wp-content\/uploads\/2025\/10\/WhatsApp-Image-2025-10-30-at-3.05.46-PM-1.jpeg 1200w, https:\/\/www.tsnre.it\/wp-content\/uploads\/2025\/10\/WhatsApp-Image-2025-10-30-at-3.05.46-PM-1-225x300.jpeg 225w, https:\/\/www.tsnre.it\/wp-content\/uploads\/2025\/10\/WhatsApp-Image-2025-10-30-at-3.05.46-PM-1-768x1024.jpeg 768w, https:\/\/www.tsnre.it\/wp-content\/uploads\/2025\/10\/WhatsApp-Image-2025-10-30-at-3.05.46-PM-1-1152x1536.jpeg 1152w\" sizes=\"(max-width: 1200px) 100vw, 1200px\" \/>\n<img src=\"https:\/\/www.tsnre.it\/wp-content\/uploads\/2025\/10\/WhatsApp-Image-2025-10-30-at-3.05.46-PM-2.jpeg\" title=\"WhatsApp Image 2025-10-30 at 3.05.46 PM (2)\" alt=\"WhatsApp Image 2025-10-30 at 3.05.46 PM (2)\" srcset=\"https:\/\/www.tsnre.it\/wp-content\/uploads\/2025\/10\/WhatsApp-Image-2025-10-30-at-3.05.46-PM-2.jpeg 1200w, https:\/\/www.tsnre.it\/wp-content\/uploads\/2025\/10\/WhatsApp-Image-2025-10-30-at-3.05.46-PM-2-225x300.jpeg 225w, https:\/\/www.tsnre.it\/wp-content\/uploads\/2025\/10\/WhatsApp-Image-2025-10-30-at-3.05.46-PM-2-768x1024.jpeg 768w, https:\/\/www.tsnre.it\/wp-content\/uploads\/2025\/10\/WhatsApp-Image-2025-10-30-at-3.05.46-PM-2-1152x1536.jpeg 1152w\" sizes=\"(max-width: 1200px) 100vw, 1200px\" \/>\n\n<h4>\u00a0<\/h4> <h4 style=\"text-align: center;\">Campionato regionale di Tiro a Segno: il sampolese scala la classifica della 10metri e nella sportiva.<\/h4>\n<img src=\"https:\/\/www.tsnre.it\/wp-content\/uploads\/2025\/07\/PHOTO-2025-07-02-16-03-17-1024x579-934x527.jpg\" width=\"934\" height=\"527\" title=\"PHOTO-2025-07-02-16-03-17\" alt=\"PHOTO-2025-07-02-16-03-17\" srcset=\"https:\/\/www.tsnre.it\/wp-content\/uploads\/2025\/07\/PHOTO-2025-07-02-16-03-17-1024x579-934x527.jpg 934w, https:\/\/www.tsnre.it\/wp-content\/uploads\/2025\/07\/PHOTO-2025-07-02-16-03-17-300x170.jpg 300w, https:\/\/www.tsnre.it\/wp-content\/uploads\/2025\/07\/PHOTO-2025-07-02-16-03-17-1024x579.jpg 1024w, https:\/\/www.tsnre.it\/wp-content\/uploads\/2025\/07\/PHOTO-2025-07-02-16-03-17-768x434.jpg 768w, https:\/\/www.tsnre.it\/wp-content\/uploads\/2025\/07\/PHOTO-2025-07-02-16-03-17-1536x868.jpg 1536w, https:\/\/www.tsnre.it\/wp-content\/uploads\/2025\/07\/PHOTO-2025-07-02-16-03-17.jpg 1600w\" sizes=\"(max-width: 934px) 100vw, 934px\" \/>\n<h4 style=\"text-align: center;\">\u00a0<\/h4> <p style=\"text-align: center;\">ANDREA FLOCCA, LA \u201cGRANDE BELLEZZA\u201d DEL DOPPIO TITOLO REGIONALE<\/p> <p>Nella pistola 10Mt, Rebecca Patern\u00f2 Castello brilla negli allievi, Eva Pataridze conquista l\u2019argento anche nella sportiva. Alessandra Benassi, terza: che forza nella carabina femminile!<\/p> <p>Nel fine settimana andato in archivio, si sono concluse le gare del circuito regionale 2025, valide per l\u2019ammissione ai Campionati Italiani di Roma a settembre. Ancora ottime prestazioni per i tiratori granata.<\/p> <p><strong>Tutti i primi posti<\/strong>:<\/p> <p>Nella Pistola Sportiva a 25mt Andrea Flocca si porta a casa il titolo regionale tra gli juniores uomini con una prestazione di forza nonostante il caldo infuocato di questi giorni. Eva Pataridze si colloca al secondo posto delle juniores donne.<\/p> <p>Il duo granata si conferma al top della classifica anche nella P10, con Pataridze che si colloca al secondo posto del podio con una gara molto tecnica, mentre Flocca segna uno dei migliori scores della stagione.<\/p> <p>Rebecca Patern\u00f2 Castello \u00e8 prima tra gli allievi superando di un soffio il riminese Castagnoli e guadagnandosi la seconda finale nazionale in due anni di \u201ccarriera\u201d.<\/p> <p><strong>Altri eccellenti risultati.<\/strong><\/p> <p>Nella carabina ad aria compressa a 10Mt\u00a0<strong>Alessandra Benassi<\/strong>\u00a0sale ancora sul podio tra le senior donne con un terzo posto che testimonia la concretezza della tiratrice reggiana e che la porta in quota campionati italiani nel primo anno di attivit\u00e0.<\/p> <p>Nelle gare di pistola a 10Mt, un meritatissimo terzo posto per\u00a0<strong>Roberto Patern\u00f2 Castello<\/strong>, evidenzia un trend di prestazioni pi\u00f9 che positive per lo Juniores in questo finale di stagione.<\/p> <p>Tra le prima dieci tiratrici regionali anche\u00a0<strong>Emma Pezzi<\/strong>\u00a0nel raggruppamento ragazzi.<\/p> <p>Nei master,\u00a0<strong>Camillo Orlandini<\/strong>\u00a0porta a braccetto\u00a0<strong>Giosino Belmonte<\/strong>\u00a0e\u00a0<strong>Simone Zanoni<\/strong>\u00a0dal quarto al sesto posto della classifica. I due tiratori tornano alle gare dopo qualche tempo, dimostrando subito un ottimo livello di forma.<\/p> <p>Gli esperti\u00a0<strong>Luca Cavallini<\/strong>\u00a0e\u00a0<strong>Pasquale Bifulco<\/strong>\u00a0si confermano nella standard e nella sportiva, arricchendo un ottimo finale di stagione.<\/p> <p>La coach Debora Piumi: \u201cSono soddisfatta di questo campionato regionale. Pataridze ci ha abituato alle trasferte per gli italiani da qualche anno sia ad aria che a fuoco. Dall\u2019anno scorso la affianca Flocca, che si sta rivelando una certezza tra gli Juniores a livello italiano. Cito volentieri i fratelli Patern\u00f2 Castello: Roberto ci ha regalato un bronzo bellissimo mentre Rebecca partecipa ai nazionali per la seconda volta in 12 mesi. Emma Pezzi \u00e8 una sicura promessa. Ma tutto il gruppo in generale merita un plauso per la passione che ha messo in gare ed allenamenti. Ora ci prendiamo una piccola pausa, per poi riprendere il lavoro in Sezione in vista di Roma 2025.<\/p>","_links":{"self":[{"href":"https:\/\/www.tsnre.it\/index.php\/wp-json\/wp\/v2\/pages\/1867","targetHints":{"allow":["GET"]}}],"collection":[{"href":"https:\/\/www.tsnre.it\/index.php\/wp-json\/wp\/v2\/pages"}],"about":[{"href":"https:\/\/www.tsnre.it\/index.php\/wp-json\/wp\/v2\/types\/page"}],"author":[{"embeddable":true,"href":"https:\/\/www.tsnre.it\/index.php\/wp-json\/wp\/v2\/users\/123"}],"replies":[{"embeddable":true,"href":"https:\/\/www.tsnre.it\/index.php\/wp-json\/wp\/v2\/comments?post=1867"}],"version-history":[{"count":207,"href":"https:\/\/www.tsnre.it\/index.php\/wp-json\/wp\/v2\/pages\/1867\/revisions"}],"predecessor-version":[{"id":2519,"href":"https:\/\/www.tsnre.it\/index.php\/wp-json\/wp\/v2\/pages\/1867\/revisions\/2519"}],"wp:attachment":[{"href":"https:\/\/www.tsnre.it\/index.php\/wp-json\/wp\/v2\/media?parent=1867"}],"curies":[{"name":"wp","href":"https:\/\/api.w.org\/{rel}","templated":true}]}}